{"version":"1.0","provider_name":"Los R\u00edos","provider_url":"https:\/\/dev.explora.cl\/rios","title":"Primer encuentro del Consejo Asesor Transdisciplinar reuni\u00f3 a especialistas en torno a comunidades educativas y establecimientos p\u00fablicos y privados - Los R\u00edos","type":"rich","width":600,"height":338,"html":"<blockquote class=\"wp-embedded-content\" data-secret=\"0HfhJU0WtS\"><a href=\"https:\/\/dev.explora.cl\/rios\/42418-2\/\">Primer encuentro del Consejo Asesor Transdisciplinar reuni\u00f3 a especialistas en torno a comunidades educativas y establecimientos p\u00fablicos y privados<\/a><\/blockquote><iframe sandbox=\"allow-scripts\" security=\"restricted\" src=\"https:\/\/dev.explora.cl\/rios\/42418-2\/embed\/#?secret=0HfhJU0WtS\" width=\"600\" height=\"338\" title=\"&#8220;Primer encuentro del Consejo Asesor Transdisciplinar reuni\u00f3 a especialistas en torno a comunidades educativas y establecimientos p\u00fablicos y privados&#8221; &#8212; Los R\u00edos\" data-secret=\"0HfhJU0WtS\" frameborder=\"0\" marginwidth=\"0\" marginheight=\"0\" scrolling=\"no\" class=\"wp-embedded-content\"><\/iframe><script>\n\/*! This file is auto-generated *\/\n!function(d,l){\"use strict\";l.querySelector&&d.addEventListener&&\"undefined\"!=typeof URL&&(d.wp=d.wp||{},d.wp.receiveEmbedMessage||(d.wp.receiveEmbedMessage=function(e){var t=e.data;if((t||t.secret||t.message||t.value)&&!\/[^a-zA-Z0-9]\/.test(t.secret)){for(var s,r,n,a=l.querySelectorAll('iframe[data-secret=\"'+t.secret+'\"]'),o=l.querySelectorAll('blockquote[data-secret=\"'+t.secret+'\"]'),c=new RegExp(\"^https?:$\",\"i\"),i=0;i<o.length;i++)o[i].style.display=\"none\";for(i=0;i<a.length;i++)s=a[i],e.source===s.contentWindow&&(s.removeAttribute(\"style\"),\"height\"===t.message?(1e3<(r=parseInt(t.value,10))?r=1e3:~~r<200&&(r=200),s.height=r):\"link\"===t.message&&(r=new URL(s.getAttribute(\"src\")),n=new URL(t.value),c.test(n.protocol))&&n.host===r.host&&l.activeElement===s&&(d.top.location.href=t.value))}},d.addEventListener(\"message\",d.wp.receiveEmbedMessage,!1),l.addEventListener(\"DOMContentLoaded\",function(){for(var e,t,s=l.querySelectorAll(\"iframe.wp-embedded-content\"),r=0;r<s.length;r++)(t=(e=s[r]).getAttribute(\"data-secret\"))||(t=Math.random().toString(36).substring(2,12),e.src+=\"#?secret=\"+t,e.setAttribute(\"data-secret\",t)),e.contentWindow.postMessage({message:\"ready\",secret:t},\"*\")},!1)))}(window,document);\n\/\/# sourceURL=https:\/\/dev.explora.cl\/rios\/wp-includes\/js\/wp-embed.min.js\n<\/script>\n","thumbnail_url":"https:\/\/dev.explora.cl\/rios\/wp-content\/uploads\/sites\/16\/2023\/10\/WhatsApp-Image-2023-10-19-at-12.22.08.jpeg","thumbnail_width":1600,"thumbnail_height":1200,"description":"Entre las y los integrantes se encuentran especialistas de Universidad Santo Tom\u00e1s, Instituto Inmaculada Concepci\u00f3n, Colegio Bicentenario Crucero \"Oscar Daniel\", Vinculaci\u00f3n con el Medio Universidad Austral de Chile, Seremi de Ciencias Macrozona Sur, Seremi Educaci\u00f3n y Seremi de Medio Ambiente de Los R\u00edos"}