{"version":"1.0","provider_name":"O&#039;Higgins","provider_url":"https:\/\/dev.explora.cl\/ohiggins","title":"PAR Explora regional desarroll\u00f3 Seminario de Educaci\u00f3n Cient\u00edfica - O&#039;Higgins","type":"rich","width":600,"height":338,"html":"<blockquote class=\"wp-embedded-content\" data-secret=\"W34apZYsIy\"><a href=\"https:\/\/dev.explora.cl\/ohiggins\/par-explora-regional-desarrollo-seminario-de-educacion-cientifica\/\">PAR Explora regional desarroll\u00f3 Seminario de Educaci\u00f3n Cient\u00edfica<\/a><\/blockquote><iframe sandbox=\"allow-scripts\" security=\"restricted\" src=\"https:\/\/dev.explora.cl\/ohiggins\/par-explora-regional-desarrollo-seminario-de-educacion-cientifica\/embed\/#?secret=W34apZYsIy\" width=\"600\" height=\"338\" title=\"&#8220;PAR Explora regional desarroll\u00f3 Seminario de Educaci\u00f3n Cient\u00edfica&#8221; &#8212; O&#039;Higgins\" data-secret=\"W34apZYsIy\" frameborder=\"0\" marginwidth=\"0\" marginheight=\"0\" scrolling=\"no\" class=\"wp-embedded-content\"><\/iframe><script>\n\/*! This file is auto-generated *\/\n!function(d,l){\"use strict\";l.querySelector&&d.addEventListener&&\"undefined\"!=typeof URL&&(d.wp=d.wp||{},d.wp.receiveEmbedMessage||(d.wp.receiveEmbedMessage=function(e){var t=e.data;if((t||t.secret||t.message||t.value)&&!\/[^a-zA-Z0-9]\/.test(t.secret)){for(var s,r,n,a=l.querySelectorAll('iframe[data-secret=\"'+t.secret+'\"]'),o=l.querySelectorAll('blockquote[data-secret=\"'+t.secret+'\"]'),c=new RegExp(\"^https?:$\",\"i\"),i=0;i<o.length;i++)o[i].style.display=\"none\";for(i=0;i<a.length;i++)s=a[i],e.source===s.contentWindow&&(s.removeAttribute(\"style\"),\"height\"===t.message?(1e3<(r=parseInt(t.value,10))?r=1e3:~~r<200&&(r=200),s.height=r):\"link\"===t.message&&(r=new URL(s.getAttribute(\"src\")),n=new URL(t.value),c.test(n.protocol))&&n.host===r.host&&l.activeElement===s&&(d.top.location.href=t.value))}},d.addEventListener(\"message\",d.wp.receiveEmbedMessage,!1),l.addEventListener(\"DOMContentLoaded\",function(){for(var e,t,s=l.querySelectorAll(\"iframe.wp-embedded-content\"),r=0;r<s.length;r++)(t=(e=s[r]).getAttribute(\"data-secret\"))||(t=Math.random().toString(36).substring(2,12),e.src+=\"#?secret=\"+t,e.setAttribute(\"data-secret\",t)),e.contentWindow.postMessage({message:\"ready\",secret:t},\"*\")},!1)))}(window,document);\n\/\/# sourceURL=https:\/\/dev.explora.cl\/ohiggins\/wp-includes\/js\/wp-embed.min.js\n<\/script>\n","thumbnail_url":null,"thumbnail_width":null,"thumbnail_height":null,"description":"Casi un centenar de docentes, educadoras y agentes educativos de las diversas comunas de la regi\u00f3n asistieron al Seminario de Educaci\u00f3n \u201cUna Mirada desde el Pensamiento Cr\u00edtico\u201d desarrollado por PAR Explora de CONICYT O\u2019Higgins, en el marco del a\u00f1o de los \u201cPor qu\u00e9\u201d del Programa Explora de CONICYT. La actividad se desarroll\u00f3 recientemente en Requ\u00ednoa, [&hellip;]"}