{"version":"1.0","provider_name":"O&#039;Higgins","provider_url":"https:\/\/dev.explora.cl\/ohiggins","title":"\u00a1Celebra el D\u00eda de la Astronom\u00eda con PAR EXPLORA O\u2019Higgins! - O&#039;Higgins","type":"rich","width":600,"height":338,"html":"<blockquote class=\"wp-embedded-content\" data-secret=\"u4YHcVkwt2\"><a href=\"https:\/\/dev.explora.cl\/ohiggins\/dia-astronomia-1\/\">\u00a1Celebra el D\u00eda de la Astronom\u00eda con PAR EXPLORA O\u2019Higgins!<\/a><\/blockquote><iframe sandbox=\"allow-scripts\" security=\"restricted\" src=\"https:\/\/dev.explora.cl\/ohiggins\/dia-astronomia-1\/embed\/#?secret=u4YHcVkwt2\" width=\"600\" height=\"338\" title=\"&#8220;\u00a1Celebra el D\u00eda de la Astronom\u00eda con PAR EXPLORA O\u2019Higgins!&#8221; &#8212; O&#039;Higgins\" data-secret=\"u4YHcVkwt2\" frameborder=\"0\" marginwidth=\"0\" marginheight=\"0\" scrolling=\"no\" class=\"wp-embedded-content\"><\/iframe><script>\n\/*! This file is auto-generated *\/\n!function(d,l){\"use strict\";l.querySelector&&d.addEventListener&&\"undefined\"!=typeof URL&&(d.wp=d.wp||{},d.wp.receiveEmbedMessage||(d.wp.receiveEmbedMessage=function(e){var t=e.data;if((t||t.secret||t.message||t.value)&&!\/[^a-zA-Z0-9]\/.test(t.secret)){for(var s,r,n,a=l.querySelectorAll('iframe[data-secret=\"'+t.secret+'\"]'),o=l.querySelectorAll('blockquote[data-secret=\"'+t.secret+'\"]'),c=new RegExp(\"^https?:$\",\"i\"),i=0;i<o.length;i++)o[i].style.display=\"none\";for(i=0;i<a.length;i++)s=a[i],e.source===s.contentWindow&&(s.removeAttribute(\"style\"),\"height\"===t.message?(1e3<(r=parseInt(t.value,10))?r=1e3:~~r<200&&(r=200),s.height=r):\"link\"===t.message&&(r=new URL(s.getAttribute(\"src\")),n=new URL(t.value),c.test(n.protocol))&&n.host===r.host&&l.activeElement===s&&(d.top.location.href=t.value))}},d.addEventListener(\"message\",d.wp.receiveEmbedMessage,!1),l.addEventListener(\"DOMContentLoaded\",function(){for(var e,t,s=l.querySelectorAll(\"iframe.wp-embedded-content\"),r=0;r<s.length;r++)(t=(e=s[r]).getAttribute(\"data-secret\"))||(t=Math.random().toString(36).substring(2,12),e.src+=\"#?secret=\"+t,e.setAttribute(\"data-secret\",t)),e.contentWindow.postMessage({message:\"ready\",secret:t},\"*\")},!1)))}(window,document);\n\/\/# sourceURL=https:\/\/dev.explora.cl\/ohiggins\/wp-includes\/js\/wp-embed.min.js\n<\/script>\n","thumbnail_url":"https:\/\/dev.explora.cl\/ohiggins\/wp-content\/uploads\/sites\/8\/2018\/06\/b0be84b54051e84fc3d315b463741fd7-1024x683.jpg","thumbnail_width":1024,"thumbnail_height":683,"description":"\u00bfPor qu\u00e9 ocurren las estaciones del a\u00f1o? \u00bfPor qu\u00e9 se oscurece m\u00e1s tarde en verano que en invierno? \u00bfPor qu\u00e9 vemos el Sol naranjo al atardecer? \u00bfPor qu\u00e9 el cielo es azul? o \u00bfPor qu\u00e9 ocurren las mareas? \u00c9stas y otras preguntas responder\u00e1 la doctora en ciencias de la U. de Concepci\u00f3n Ren\u00e9e Mateluna, a [&hellip;]"}