{"version":"1.0","provider_name":"\u00d1uble","provider_url":"https:\/\/dev.explora.cl\/nuble","title":"Socializaci\u00f3n IIE 2023 - Inscripci\u00f3n de delegaciones - \u00d1uble","type":"rich","width":600,"height":338,"html":"<blockquote class=\"wp-embedded-content\" data-secret=\"iMSq1Vahhk\"><a href=\"https:\/\/dev.explora.cl\/nuble\/socializacion-iie-2023-inscripcion-de-delegaciones\/\">Socializaci\u00f3n IIE 2023 &#8211; Inscripci\u00f3n de delegaciones<\/a><\/blockquote><iframe sandbox=\"allow-scripts\" security=\"restricted\" src=\"https:\/\/dev.explora.cl\/nuble\/socializacion-iie-2023-inscripcion-de-delegaciones\/embed\/#?secret=iMSq1Vahhk\" width=\"600\" height=\"338\" title=\"&#8220;Socializaci\u00f3n IIE 2023 &#8211; Inscripci\u00f3n de delegaciones&#8221; &#8212; \u00d1uble\" data-secret=\"iMSq1Vahhk\" frameborder=\"0\" marginwidth=\"0\" marginheight=\"0\" scrolling=\"no\" class=\"wp-embedded-content\"><\/iframe><script>\n\/*! This file is auto-generated *\/\n!function(d,l){\"use strict\";l.querySelector&&d.addEventListener&&\"undefined\"!=typeof URL&&(d.wp=d.wp||{},d.wp.receiveEmbedMessage||(d.wp.receiveEmbedMessage=function(e){var t=e.data;if((t||t.secret||t.message||t.value)&&!\/[^a-zA-Z0-9]\/.test(t.secret)){for(var s,r,n,a=l.querySelectorAll('iframe[data-secret=\"'+t.secret+'\"]'),o=l.querySelectorAll('blockquote[data-secret=\"'+t.secret+'\"]'),c=new RegExp(\"^https?:$\",\"i\"),i=0;i<o.length;i++)o[i].style.display=\"none\";for(i=0;i<a.length;i++)s=a[i],e.source===s.contentWindow&&(s.removeAttribute(\"style\"),\"height\"===t.message?(1e3<(r=parseInt(t.value,10))?r=1e3:~~r<200&&(r=200),s.height=r):\"link\"===t.message&&(r=new URL(s.getAttribute(\"src\")),n=new URL(t.value),c.test(n.protocol))&&n.host===r.host&&l.activeElement===s&&(d.top.location.href=t.value))}},d.addEventListener(\"message\",d.wp.receiveEmbedMessage,!1),l.addEventListener(\"DOMContentLoaded\",function(){for(var e,t,s=l.querySelectorAll(\"iframe.wp-embedded-content\"),r=0;r<s.length;r++)(t=(e=s[r]).getAttribute(\"data-secret\"))||(t=Math.random().toString(36).substring(2,12),e.src+=\"#?secret=\"+t,e.setAttribute(\"data-secret\",t)),e.contentWindow.postMessage({message:\"ready\",secret:t},\"*\")},!1)))}(window,document);\n\/\/# sourceURL=https:\/\/dev.explora.cl\/nuble\/wp-includes\/js\/wp-embed.min.js\n<\/script>\n","thumbnail_url":"https:\/\/dev.explora.cl\/nuble\/wp-content\/uploads\/sites\/10\/2023\/11\/IIE-invitacionn.jpg","thumbnail_width":4063,"thumbnail_height":2334,"description":"\ud83d\udd35\ud835\udddb\ud835\uddfc\ud835\uddf9\ud835\uddee \ud835\uddd6\ud835\uddfc\ud835\uddfa\ud835\ude02\ud835\uddfb\ud835\uddf6\ud835\uddf1\ud835\uddee\ud835\uddf1 \ud835\uddd8\ud835\ude05\ud835\uddfd\ud835\uddf9\ud835\uddfc\ud835\uddff\ud835\uddee!\ud83d\udd35 \u00bfQuieres visitar con tu delegaci\u00f3n escolar la Feria &#8220;Exploradores de \u00d1uble&#8221; a realizarse en la ma\u00f1ana del 23 de noviembre en Parque Monumental de Chill\u00e1n Viejo? Puedes ser parte de este gran evento de divulgaci\u00f3n cient\u00edfica, ingresa los datos de tu grupo escolar en el siguiente formulario. Invitaci\u00f3n abierta a toda la [&hellip;]"}