{"version":"1.0","provider_name":"Arica y Parinacota","provider_url":"https:\/\/dev.explora.cl\/aricayparinacota","title":"Peque\u00f1os cient\u00edficos se re\u00fanen con alcalde de Arica - Arica y Parinacota","type":"rich","width":600,"height":338,"html":"<blockquote class=\"wp-embedded-content\" data-secret=\"zDKZowzBKq\"><a href=\"https:\/\/dev.explora.cl\/aricayparinacota\/pequenos-cientificos-se-reunen-con-alcalde-de-arica\/\">Peque\u00f1os cient\u00edficos se re\u00fanen con alcalde de Arica<\/a><\/blockquote><iframe sandbox=\"allow-scripts\" security=\"restricted\" src=\"https:\/\/dev.explora.cl\/aricayparinacota\/pequenos-cientificos-se-reunen-con-alcalde-de-arica\/embed\/#?secret=zDKZowzBKq\" width=\"600\" height=\"338\" title=\"&#8220;Peque\u00f1os cient\u00edficos se re\u00fanen con alcalde de Arica&#8221; &#8212; Arica y Parinacota\" data-secret=\"zDKZowzBKq\" frameborder=\"0\" marginwidth=\"0\" marginheight=\"0\" scrolling=\"no\" class=\"wp-embedded-content\"><\/iframe><script>\n\/*! This file is auto-generated *\/\n!function(d,l){\"use strict\";l.querySelector&&d.addEventListener&&\"undefined\"!=typeof URL&&(d.wp=d.wp||{},d.wp.receiveEmbedMessage||(d.wp.receiveEmbedMessage=function(e){var t=e.data;if((t||t.secret||t.message||t.value)&&!\/[^a-zA-Z0-9]\/.test(t.secret)){for(var s,r,n,a=l.querySelectorAll('iframe[data-secret=\"'+t.secret+'\"]'),o=l.querySelectorAll('blockquote[data-secret=\"'+t.secret+'\"]'),c=new RegExp(\"^https?:$\",\"i\"),i=0;i<o.length;i++)o[i].style.display=\"none\";for(i=0;i<a.length;i++)s=a[i],e.source===s.contentWindow&&(s.removeAttribute(\"style\"),\"height\"===t.message?(1e3<(r=parseInt(t.value,10))?r=1e3:~~r<200&&(r=200),s.height=r):\"link\"===t.message&&(r=new URL(s.getAttribute(\"src\")),n=new URL(t.value),c.test(n.protocol))&&n.host===r.host&&l.activeElement===s&&(d.top.location.href=t.value))}},d.addEventListener(\"message\",d.wp.receiveEmbedMessage,!1),l.addEventListener(\"DOMContentLoaded\",function(){for(var e,t,s=l.querySelectorAll(\"iframe.wp-embedded-content\"),r=0;r<s.length;r++)(t=(e=s[r]).getAttribute(\"data-secret\"))||(t=Math.random().toString(36).substring(2,12),e.src+=\"#?secret=\"+t,e.setAttribute(\"data-secret\",t)),e.contentWindow.postMessage({message:\"ready\",secret:t},\"*\")},!1)))}(window,document);\n\/\/# sourceURL=https:\/\/dev.explora.cl\/aricayparinacota\/wp-includes\/js\/wp-embed.min.js\n<\/script>\n","thumbnail_url":"https:\/\/dev.explora.cl\/aricayparinacota\/wp-content\/uploads\/sites\/2\/2018\/05\/Miniatura_Peque\u00f1os_Cientificos.jpg","thumbnail_width":227,"thumbnail_height":147,"description":"Los estudiantes y sus profesores dieron a conocer los proyectos con los que obtuvieron reconocimiento a nivel regional, al alcalde y concejales de Arica. Los ganadores del Congreso Regional Escolar de Ciencia y Tecnolog\u00eda, CRECyT a\u00f1o 2017, del PAR Explora de CONICYT Arica y Parinacota, pertenecientes a la Escuela Dar\u00edo Salas D\u00edaz, Liceo Antonio Varas [&hellip;]"}