{"version":"1.0","provider_name":"Arica y Parinacota","provider_url":"https:\/\/dev.explora.cl\/aricayparinacota","title":"Los ni\u00f1os preguntaron, el astr\u00f3nomo respondi\u00f3 - Arica y Parinacota","type":"rich","width":600,"height":338,"html":"<blockquote class=\"wp-embedded-content\" data-secret=\"Ee9VR2M0y0\"><a href=\"https:\/\/dev.explora.cl\/aricayparinacota\/los-ninos-preguntaron-el-astronomo-respondio\/\">Los ni\u00f1os preguntaron, el astr\u00f3nomo respondi\u00f3<\/a><\/blockquote><iframe sandbox=\"allow-scripts\" security=\"restricted\" src=\"https:\/\/dev.explora.cl\/aricayparinacota\/los-ninos-preguntaron-el-astronomo-respondio\/embed\/#?secret=Ee9VR2M0y0\" width=\"600\" height=\"338\" title=\"&#8220;Los ni\u00f1os preguntaron, el astr\u00f3nomo respondi\u00f3&#8221; &#8212; Arica y Parinacota\" data-secret=\"Ee9VR2M0y0\" frameborder=\"0\" marginwidth=\"0\" marginheight=\"0\" scrolling=\"no\" class=\"wp-embedded-content\"><\/iframe><script>\n\/*! This file is auto-generated *\/\n!function(d,l){\"use strict\";l.querySelector&&d.addEventListener&&\"undefined\"!=typeof URL&&(d.wp=d.wp||{},d.wp.receiveEmbedMessage||(d.wp.receiveEmbedMessage=function(e){var t=e.data;if((t||t.secret||t.message||t.value)&&!\/[^a-zA-Z0-9]\/.test(t.secret)){for(var s,r,n,a=l.querySelectorAll('iframe[data-secret=\"'+t.secret+'\"]'),o=l.querySelectorAll('blockquote[data-secret=\"'+t.secret+'\"]'),c=new RegExp(\"^https?:$\",\"i\"),i=0;i<o.length;i++)o[i].style.display=\"none\";for(i=0;i<a.length;i++)s=a[i],e.source===s.contentWindow&&(s.removeAttribute(\"style\"),\"height\"===t.message?(1e3<(r=parseInt(t.value,10))?r=1e3:~~r<200&&(r=200),s.height=r):\"link\"===t.message&&(r=new URL(s.getAttribute(\"src\")),n=new URL(t.value),c.test(n.protocol))&&n.host===r.host&&l.activeElement===s&&(d.top.location.href=t.value))}},d.addEventListener(\"message\",d.wp.receiveEmbedMessage,!1),l.addEventListener(\"DOMContentLoaded\",function(){for(var e,t,s=l.querySelectorAll(\"iframe.wp-embedded-content\"),r=0;r<s.length;r++)(t=(e=s[r]).getAttribute(\"data-secret\"))||(t=Math.random().toString(36).substring(2,12),e.src+=\"#?secret=\"+t,e.setAttribute(\"data-secret\",t)),e.contentWindow.postMessage({message:\"ready\",secret:t},\"*\")},!1)))}(window,document);\n\/\/# sourceURL=https:\/\/dev.explora.cl\/aricayparinacota\/wp-includes\/js\/wp-embed.min.js\n<\/script>\n","thumbnail_url":"https:\/\/dev.explora.cl\/aricayparinacota\/wp-content\/uploads\/sites\/2\/2018\/04\/Miniatura_Nota_Charla_Astronomo.jpg","thumbnail_width":223,"thumbnail_height":147,"description":"Una intensa jornada vivi\u00f3 en Arica el Dr. Guido Garay, Premio Nacional de Ciencias Exactas 2017, qui\u00e9n present\u00f3 la charla \u201cNuestro sistema solar\u201d, para celebrar el D\u00eda de la Astronom\u00eda, en el Km 28 del valle de Azapa a los estudiantes de la Escuela Espa\u00f1a. Los alumnos de procedencia aymara en un 90 por ciento, [&hellip;]"}