{"version":"1.0","provider_name":"Arica y Parinacota","provider_url":"https:\/\/dev.explora.cl\/aricayparinacota","title":"Cuando se baila al ritmo de los n\u00fameros - Arica y Parinacota","type":"rich","width":600,"height":338,"html":"<blockquote class=\"wp-embedded-content\" data-secret=\"4n9bM24FrU\"><a href=\"https:\/\/dev.explora.cl\/aricayparinacota\/cuando-se-baila-al-ritmo-de-los-numeros\/\">Cuando se baila al ritmo de los n\u00fameros<\/a><\/blockquote><iframe sandbox=\"allow-scripts\" security=\"restricted\" src=\"https:\/\/dev.explora.cl\/aricayparinacota\/cuando-se-baila-al-ritmo-de-los-numeros\/embed\/#?secret=4n9bM24FrU\" width=\"600\" height=\"338\" title=\"&#8220;Cuando se baila al ritmo de los n\u00fameros&#8221; &#8212; Arica y Parinacota\" data-secret=\"4n9bM24FrU\" frameborder=\"0\" marginwidth=\"0\" marginheight=\"0\" scrolling=\"no\" class=\"wp-embedded-content\"><\/iframe><script>\n\/*! This file is auto-generated *\/\n!function(d,l){\"use strict\";l.querySelector&&d.addEventListener&&\"undefined\"!=typeof URL&&(d.wp=d.wp||{},d.wp.receiveEmbedMessage||(d.wp.receiveEmbedMessage=function(e){var t=e.data;if((t||t.secret||t.message||t.value)&&!\/[^a-zA-Z0-9]\/.test(t.secret)){for(var s,r,n,a=l.querySelectorAll('iframe[data-secret=\"'+t.secret+'\"]'),o=l.querySelectorAll('blockquote[data-secret=\"'+t.secret+'\"]'),c=new RegExp(\"^https?:$\",\"i\"),i=0;i<o.length;i++)o[i].style.display=\"none\";for(i=0;i<a.length;i++)s=a[i],e.source===s.contentWindow&&(s.removeAttribute(\"style\"),\"height\"===t.message?(1e3<(r=parseInt(t.value,10))?r=1e3:~~r<200&&(r=200),s.height=r):\"link\"===t.message&&(r=new URL(s.getAttribute(\"src\")),n=new URL(t.value),c.test(n.protocol))&&n.host===r.host&&l.activeElement===s&&(d.top.location.href=t.value))}},d.addEventListener(\"message\",d.wp.receiveEmbedMessage,!1),l.addEventListener(\"DOMContentLoaded\",function(){for(var e,t,s=l.querySelectorAll(\"iframe.wp-embedded-content\"),r=0;r<s.length;r++)(t=(e=s[r]).getAttribute(\"data-secret\"))||(t=Math.random().toString(36).substring(2,12),e.src+=\"#?secret=\"+t,e.setAttribute(\"data-secret\",t)),e.contentWindow.postMessage({message:\"ready\",secret:t},\"*\")},!1)))}(window,document);\n\/\/# sourceURL=https:\/\/dev.explora.cl\/aricayparinacota\/wp-includes\/js\/wp-embed.min.js\n<\/script>\n","description":"Inscripciones abiertas para participar en la zumba matem\u00e1tica \u00bfQu\u00e9 relaci\u00f3n existe entre la zumba y la matem\u00e1tica? Tal vez hace unos a\u00f1os era impensado articular dos actividades humanas tan distintas, pero hoy ya es una realidad. \u201cSi cre\u00edas que la matem\u00e1tica era aburrida, es porque no has estudiado la funci\u00f3n exponencial o la funci\u00f3n lineal, [&hellip;]"}