{"version":"1.0","provider_name":"Arica y Parinacota","provider_url":"https:\/\/dev.explora.cl\/aricayparinacota","title":"ANIVERSARIO INOLVIDABLE - Arica y Parinacota","type":"rich","width":600,"height":338,"html":"<blockquote class=\"wp-embedded-content\" data-secret=\"HMae8Ra3so\"><a href=\"https:\/\/dev.explora.cl\/aricayparinacota\/aniversario-inolvidable\/\">ANIVERSARIO INOLVIDABLE<\/a><\/blockquote><iframe sandbox=\"allow-scripts\" security=\"restricted\" src=\"https:\/\/dev.explora.cl\/aricayparinacota\/aniversario-inolvidable\/embed\/#?secret=HMae8Ra3so\" width=\"600\" height=\"338\" title=\"&#8220;ANIVERSARIO INOLVIDABLE&#8221; &#8212; Arica y Parinacota\" data-secret=\"HMae8Ra3so\" frameborder=\"0\" marginwidth=\"0\" marginheight=\"0\" scrolling=\"no\" class=\"wp-embedded-content\"><\/iframe><script>\n\/*! This file is auto-generated *\/\n!function(d,l){\"use strict\";l.querySelector&&d.addEventListener&&\"undefined\"!=typeof URL&&(d.wp=d.wp||{},d.wp.receiveEmbedMessage||(d.wp.receiveEmbedMessage=function(e){var t=e.data;if((t||t.secret||t.message||t.value)&&!\/[^a-zA-Z0-9]\/.test(t.secret)){for(var s,r,n,a=l.querySelectorAll('iframe[data-secret=\"'+t.secret+'\"]'),o=l.querySelectorAll('blockquote[data-secret=\"'+t.secret+'\"]'),c=new RegExp(\"^https?:$\",\"i\"),i=0;i<o.length;i++)o[i].style.display=\"none\";for(i=0;i<a.length;i++)s=a[i],e.source===s.contentWindow&&(s.removeAttribute(\"style\"),\"height\"===t.message?(1e3<(r=parseInt(t.value,10))?r=1e3:~~r<200&&(r=200),s.height=r):\"link\"===t.message&&(r=new URL(s.getAttribute(\"src\")),n=new URL(t.value),c.test(n.protocol))&&n.host===r.host&&l.activeElement===s&&(d.top.location.href=t.value))}},d.addEventListener(\"message\",d.wp.receiveEmbedMessage,!1),l.addEventListener(\"DOMContentLoaded\",function(){for(var e,t,s=l.querySelectorAll(\"iframe.wp-embedded-content\"),r=0;r<s.length;r++)(t=(e=s[r]).getAttribute(\"data-secret\"))||(t=Math.random().toString(36).substring(2,12),e.src+=\"#?secret=\"+t,e.setAttribute(\"data-secret\",t)),e.contentWindow.postMessage({message:\"ready\",secret:t},\"*\")},!1)))}(window,document);\n\/\/# sourceURL=https:\/\/dev.explora.cl\/aricayparinacota\/wp-includes\/js\/wp-embed.min.js\n<\/script>\n","thumbnail_url":"https:\/\/dev.explora.cl\/aricayparinacota\/wp-content\/uploads\/sites\/2\/2018\/06\/Miniatura_Aniversario.jpg","thumbnail_width":223,"thumbnail_height":147,"description":"En el a\u00f1o 1937, en el kil\u00f3metro seis del valle de Azapa, se fund\u00f3 la Escuela Dar\u00edo Salas D\u00edaz. Treinta a\u00f1os despu\u00e9s, en 1967, fue reubicada en el kil\u00f3metro 3.6, el mismo lugar donde se llev\u00f3 a efecto la celebraci\u00f3n de los 80 a\u00f1os, junto a los estudiantes, docentes, apoderados e invitados especiales. La directora [&hellip;]"}